{"id":3847,"date":"2026-03-09T17:00:09","date_gmt":"2026-03-09T15:00:09","guid":{"rendered":"https:\/\/cafepasila.fi\/?page_id=3847"},"modified":"2026-03-10T14:00:57","modified_gmt":"2026-03-10T12:00:57","slug":"frequently-asked-questions","status":"publish","type":"page","link":"https:\/\/cafepasila.fi\/en\/usein-kysytyt-kysymykset\/","title":{"rendered":"Frequently asked questions"},"content":{"rendered":"\t\t<div data-elementor-type=\"wp-page\" data-elementor-id=\"3847\" class=\"elementor elementor-3847\" data-elementor-post-type=\"page\">\n\t\t\t\t\t\t<section data-particle_enable=\"false\" data-particle-mobile-disabled=\"false\" class=\"elementor-section elementor-top-section elementor-element elementor-element-0a9006f elementor-section-height-min-height elementor-section-boxed elementor-section-height-default elementor-section-items-middle\" data-id=\"0a9006f\" data-element_type=\"section\" data-e-type=\"section\" data-settings=\"{&quot;background_background&quot;:&quot;classic&quot;}\">\n\t\t\t\t\t\t<div class=\"elementor-container elementor-column-gap-default\">\n\t\t\t\t\t<div class=\"elementor-column elementor-col-100 elementor-top-column elementor-element elementor-element-29aaf61\" data-id=\"29aaf61\" data-element_type=\"column\" data-e-type=\"column\">\n\t\t\t<div class=\"elementor-widget-wrap elementor-element-populated\">\n\t\t\t\t\t\t<div class=\"elementor-element elementor-element-91f4df2 elementor-invisible elementor-widget elementor-widget-heading\" data-id=\"91f4df2\" data-element_type=\"widget\" data-e-type=\"widget\" data-settings=\"{&quot;_animation&quot;:&quot;fadeIn&quot;}\" data-widget_type=\"heading.default\">\n\t\t\t\t<div class=\"elementor-widget-container\">\n\t\t\t\t\t<h1 class=\"elementor-heading-title elementor-size-default\">Usein Kysytyt Kysymykset<\/h1>\t\t\t\t<\/div>\n\t\t\t\t<\/div>\n\t\t\t\t\t<\/div>\n\t\t<\/div>\n\t\t\t\t\t<\/div>\n\t\t<\/section>\n\t\t\t\t<section data-particle_enable=\"false\" data-particle-mobile-disabled=\"false\" class=\"elementor-section elementor-top-section elementor-element elementor-element-3106d54 elementor-section-boxed elementor-section-height-default elementor-section-height-default\" data-id=\"3106d54\" data-element_type=\"section\" data-e-type=\"section\" data-settings=\"{&quot;background_background&quot;:&quot;classic&quot;}\">\n\t\t\t\t\t\t\t<div class=\"elementor-background-overlay\"><\/div>\n\t\t\t\t\t\t\t<div class=\"elementor-container elementor-column-gap-default\">\n\t\t\t\t\t<div class=\"elementor-column elementor-col-100 elementor-top-column elementor-element elementor-element-d827b42\" data-id=\"d827b42\" data-element_type=\"column\" data-e-type=\"column\" data-settings=\"{&quot;motion_fx_motion_fx_scrolling&quot;:&quot;yes&quot;,&quot;motion_fx_devices&quot;:[&quot;desktop&quot;,&quot;tablet&quot;,&quot;mobile&quot;]}\">\n\t\t\t<div class=\"elementor-widget-wrap elementor-element-populated\">\n\t\t\t\t\t\t<section data-particle_enable=\"false\" data-particle-mobile-disabled=\"false\" class=\"elementor-section elementor-inner-section elementor-element elementor-element-1e1ad0c elementor-section-boxed elementor-section-height-default elementor-section-height-default\" data-id=\"1e1ad0c\" data-element_type=\"section\" data-e-type=\"section\">\n\t\t\t\t\t\t<div class=\"elementor-container elementor-column-gap-default\">\n\t\t\t\t\t<div class=\"elementor-column elementor-col-100 elementor-inner-column elementor-element elementor-element-c71ac87\" data-id=\"c71ac87\" data-element_type=\"column\" data-e-type=\"column\">\n\t\t\t<div class=\"elementor-widget-wrap elementor-element-populated\">\n\t\t\t\t\t\t<div class=\"elementor-element elementor-element-362259e elementor-widget elementor-widget-toggle\" data-id=\"362259e\" data-element_type=\"widget\" data-e-type=\"widget\" data-widget_type=\"toggle.default\">\n\t\t\t\t<div class=\"elementor-widget-container\">\n\t\t\t\t\t\t\t<div class=\"elementor-toggle\">\n\t\t\t\t\t\t\t<div class=\"elementor-toggle-item\">\n\t\t\t\t\t<div id=\"elementor-tab-title-5671\" class=\"elementor-tab-title\" data-tab=\"1\" role=\"button\" aria-controls=\"elementor-tab-content-5671\" aria-expanded=\"false\">\n\t\t\t\t\t\t\t\t\t\t\t\t<span class=\"elementor-toggle-icon elementor-toggle-icon-left\" aria-hidden=\"true\">\n\t\t\t\t\t\t\t\t\t\t\t\t\t\t\t<span class=\"elementor-toggle-icon-closed\"><i class=\"fas fa-caret-right\"><\/i><\/span>\n\t\t\t\t\t\t\t\t<span class=\"elementor-toggle-icon-opened\"><i class=\"elementor-toggle-icon-opened fas fa-caret-up\"><\/i><\/span>\n\t\t\t\t\t\t\t\t\t\t\t\t\t<\/span>\n\t\t\t\t\t\t\t\t\t\t\t\t<a class=\"elementor-toggle-title\" tabindex=\"0\">Tarvitseeko moottorikelkan vuokraamiseen ajokortin?<\/a>\n\t\t\t\t\t<\/div>\n\n\t\t\t\t\t<div id=\"elementor-tab-content-5671\" class=\"elementor-tab-content elementor-clearfix\" data-tab=\"1\" role=\"region\" aria-labelledby=\"elementor-tab-title-5671\"><p data-prosemirror-content-type=\"node\" data-prosemirror-node-name=\"paragraph\" data-prosemirror-node-block=\"true\" data-pm-slice=\"1 1 []\">Kyll\u00e4, tarvitset moottorikelkalla ajamiseen ajokortin. <br \/>Hyv\u00e4ksytt\u00e4v\u00e4t kortit ovat T-ajokortti (traktorikortti) tai aiemmin saatu ajo-oikeus (A- tai B-kortti).<\/p><\/div>\n\t\t\t\t<\/div>\n\t\t\t\t\t\t\t<div class=\"elementor-toggle-item\">\n\t\t\t\t\t<div id=\"elementor-tab-title-5672\" class=\"elementor-tab-title\" data-tab=\"2\" role=\"button\" aria-controls=\"elementor-tab-content-5672\" aria-expanded=\"false\">\n\t\t\t\t\t\t\t\t\t\t\t\t<span class=\"elementor-toggle-icon elementor-toggle-icon-left\" aria-hidden=\"true\">\n\t\t\t\t\t\t\t\t\t\t\t\t\t\t\t<span class=\"elementor-toggle-icon-closed\"><i class=\"fas fa-caret-right\"><\/i><\/span>\n\t\t\t\t\t\t\t\t<span class=\"elementor-toggle-icon-opened\"><i class=\"elementor-toggle-icon-opened fas fa-caret-up\"><\/i><\/span>\n\t\t\t\t\t\t\t\t\t\t\t\t\t<\/span>\n\t\t\t\t\t\t\t\t\t\t\t\t<a class=\"elementor-toggle-title\" tabindex=\"0\">Kuinka pitk\u00e4ksi aikaa kelkan voi vuokrata?<\/a>\n\t\t\t\t\t<\/div>\n\n\t\t\t\t\t<div id=\"elementor-tab-content-5672\" class=\"elementor-tab-content elementor-clearfix\" data-tab=\"2\" role=\"region\" aria-labelledby=\"elementor-tab-title-5672\"><p data-prosemirror-content-type=\"node\" data-prosemirror-node-name=\"paragraph\" data-prosemirror-node-block=\"true\" data-pm-slice=\"1 1 []\">Kelkanvuokraus onnistuu tunneittain, p\u00e4iv\u00e4ksi tai jopa viikoksi.<br data-prosemirror-content-type=\"node\" data-prosemirror-node-name=\"hardBreak\" data-prosemirror-node-inline=\"true\" \/>Tunneittain vuokraus onnistuu suoraan varauskoneesta, pidemm\u00e4t vuokraukset s\u00e4hk\u00f6postilla <a href=\"mailto:info@polareyllas.fi\" data-prosemirror-content-type=\"mark\" data-prosemirror-mark-name=\"link\">info@polareyllas.fi<\/a><\/p><\/div>\n\t\t\t\t<\/div>\n\t\t\t\t\t\t\t<div class=\"elementor-toggle-item\">\n\t\t\t\t\t<div id=\"elementor-tab-title-5673\" class=\"elementor-tab-title\" data-tab=\"3\" role=\"button\" aria-controls=\"elementor-tab-content-5673\" aria-expanded=\"false\">\n\t\t\t\t\t\t\t\t\t\t\t\t<span class=\"elementor-toggle-icon elementor-toggle-icon-left\" aria-hidden=\"true\">\n\t\t\t\t\t\t\t\t\t\t\t\t\t\t\t<span class=\"elementor-toggle-icon-closed\"><i class=\"fas fa-caret-right\"><\/i><\/span>\n\t\t\t\t\t\t\t\t<span class=\"elementor-toggle-icon-opened\"><i class=\"elementor-toggle-icon-opened fas fa-caret-up\"><\/i><\/span>\n\t\t\t\t\t\t\t\t\t\t\t\t\t<\/span>\n\t\t\t\t\t\t\t\t\t\t\t\t<a class=\"elementor-toggle-title\" tabindex=\"0\">Sis\u00e4ltyyk\u00f6 varusteet vuokraan?<\/a>\n\t\t\t\t\t<\/div>\n\n\t\t\t\t\t<div id=\"elementor-tab-content-5673\" class=\"elementor-tab-content elementor-clearfix\" data-tab=\"3\" role=\"region\" aria-labelledby=\"elementor-tab-title-5673\"><p data-prosemirror-content-type=\"node\" data-prosemirror-node-name=\"paragraph\" data-prosemirror-node-block=\"true\" data-pm-slice=\"1 1 []\">Varusteet eiv\u00e4t sis\u00e4lly vuokraan. Varustepaketin voitte varata erikseen<br data-prosemirror-content-type=\"node\" data-prosemirror-node-name=\"hardBreak\" data-prosemirror-node-inline=\"true\" \/>hintaan 10\u20ac \/ hl\u00f6. Varustepaketti sis\u00e4lt\u00e4\u00e4 housut ja takin \/ haalarin,<br data-prosemirror-content-type=\"node\" data-prosemirror-node-name=\"hardBreak\" data-prosemirror-node-inline=\"true\" \/>keng\u00e4t, hanskat ja kyp\u00e4r\u00e4myssyn. Kyp\u00e4r\u00e4 kuuluu aina hintaan.<\/p><p data-prosemirror-content-type=\"node\" data-prosemirror-node-name=\"paragraph\" data-prosemirror-node-block=\"true\">\u00a0<\/p><\/div>\n\t\t\t\t<\/div>\n\t\t\t\t\t\t\t<div class=\"elementor-toggle-item\">\n\t\t\t\t\t<div id=\"elementor-tab-title-5674\" class=\"elementor-tab-title\" data-tab=\"4\" role=\"button\" aria-controls=\"elementor-tab-content-5674\" aria-expanded=\"false\">\n\t\t\t\t\t\t\t\t\t\t\t\t<span class=\"elementor-toggle-icon elementor-toggle-icon-left\" aria-hidden=\"true\">\n\t\t\t\t\t\t\t\t\t\t\t\t\t\t\t<span class=\"elementor-toggle-icon-closed\"><i class=\"fas fa-caret-right\"><\/i><\/span>\n\t\t\t\t\t\t\t\t<span class=\"elementor-toggle-icon-opened\"><i class=\"elementor-toggle-icon-opened fas fa-caret-up\"><\/i><\/span>\n\t\t\t\t\t\t\t\t\t\t\t\t\t<\/span>\n\t\t\t\t\t\t\t\t\t\t\t\t<a class=\"elementor-toggle-title\" tabindex=\"0\">Sis\u00e4lt\u00e4\u00e4k\u00f6 hinta vakuutuksen?<\/a>\n\t\t\t\t\t<\/div>\n\n\t\t\t\t\t<div id=\"elementor-tab-content-5674\" class=\"elementor-tab-content elementor-clearfix\" data-tab=\"4\" role=\"region\" aria-labelledby=\"elementor-tab-title-5674\"><p data-prosemirror-content-type=\"node\" data-prosemirror-node-name=\"paragraph\" data-prosemirror-node-block=\"true\" data-pm-slice=\"1 1 []\">Kyll\u00e4, kelkoissa on aina voimassa oleva liikennevakuutus.<br data-prosemirror-content-type=\"node\" data-prosemirror-node-name=\"hardBreak\" data-prosemirror-node-inline=\"true\" \/>Vahinkotapauksissa omavastuu 1500 \u20ac tai 2000 \u20ac riippuen kelkkamallista.<\/p><\/div>\n\t\t\t\t<\/div>\n\t\t\t\t\t\t\t<div class=\"elementor-toggle-item\">\n\t\t\t\t\t<div id=\"elementor-tab-title-5675\" class=\"elementor-tab-title\" data-tab=\"5\" role=\"button\" aria-controls=\"elementor-tab-content-5675\" aria-expanded=\"false\">\n\t\t\t\t\t\t\t\t\t\t\t\t<span class=\"elementor-toggle-icon elementor-toggle-icon-left\" aria-hidden=\"true\">\n\t\t\t\t\t\t\t\t\t\t\t\t\t\t\t<span class=\"elementor-toggle-icon-closed\"><i class=\"fas fa-caret-right\"><\/i><\/span>\n\t\t\t\t\t\t\t\t<span class=\"elementor-toggle-icon-opened\"><i class=\"elementor-toggle-icon-opened fas fa-caret-up\"><\/i><\/span>\n\t\t\t\t\t\t\t\t\t\t\t\t\t<\/span>\n\t\t\t\t\t\t\t\t\t\t\t\t<a class=\"elementor-toggle-title\" tabindex=\"0\">Miss\u00e4 voin ajaa moottorikelkalla?<\/a>\n\t\t\t\t\t<\/div>\n\n\t\t\t\t\t<div id=\"elementor-tab-content-5675\" class=\"elementor-tab-content elementor-clearfix\" data-tab=\"5\" role=\"region\" aria-labelledby=\"elementor-tab-title-5675\"><p data-prosemirror-content-type=\"node\" data-prosemirror-node-name=\"paragraph\" data-prosemirror-node-block=\"true\">Kelkalla saa ajaa vain merkityill\u00e4 moottorikelkkareiteill\u00e4.<\/p><p>Yll\u00e4ksen seudulla l\u00f6ytyy moottorikelkkareittej\u00e4 yli 400 kilometri\u00e4. Huolletut reitit ovat monen tasoisia ja maisemiltaan vaihtelevia \u2013 kaikille l\u00f6ytyy omaan tasoon sopivaa kelkkailtavaa. Erikoisuutena Yll\u00e4ksell\u00e4 p\u00e4\u00e4see moottorikelkalla Kuertunturin ja Yll\u00e4stunturin p\u00e4\u00e4lle saakka, mik\u00e4 on harvinaista herkkua Suomessa.<\/p><p>Moottorikelkkareiteiss\u00e4 Yll\u00e4ksell\u00e4 vieh\u00e4tt\u00e4\u00e4 monipuolisuus. On pitki\u00e4 ja lyhyit\u00e4 lenkkej\u00e4 tasaisella suolla, mets\u00e4n siimeksess\u00e4 ja jopa tunturin laella. Yll\u00e4ksen l\u00e4hist\u00f6ll\u00e4 kelkkailtaessa my\u00f6s palvelut ovat aina l\u00e4hell\u00e4.<\/p><p>Iltaretkell\u00e4 on hyv\u00e4t mahdollisuudet n\u00e4hd\u00e4 upeat revontulet, mik\u00e4li taivas on kirkas.<br data-prosemirror-content-type=\"node\" data-prosemirror-node-name=\"hardBreak\" data-prosemirror-node-inline=\"true\" \/>(<a href=\"http:\/\/www.yllas.fi\/\" data-prosemirror-content-type=\"mark\" data-prosemirror-mark-name=\"link\" target=\"_blank\" rel=\"noopener\">www.yllas.fi<\/a>)<\/p><p data-prosemirror-content-type=\"node\" data-prosemirror-node-name=\"paragraph\" data-prosemirror-node-block=\"true\">\u00a0<\/p><\/div>\n\t\t\t\t<\/div>\n\t\t\t\t\t\t\t<div class=\"elementor-toggle-item\">\n\t\t\t\t\t<div id=\"elementor-tab-title-5676\" class=\"elementor-tab-title\" data-tab=\"6\" role=\"button\" aria-controls=\"elementor-tab-content-5676\" aria-expanded=\"false\">\n\t\t\t\t\t\t\t\t\t\t\t\t<span class=\"elementor-toggle-icon elementor-toggle-icon-left\" aria-hidden=\"true\">\n\t\t\t\t\t\t\t\t\t\t\t\t\t\t\t<span class=\"elementor-toggle-icon-closed\"><i class=\"fas fa-caret-right\"><\/i><\/span>\n\t\t\t\t\t\t\t\t<span class=\"elementor-toggle-icon-opened\"><i class=\"elementor-toggle-icon-opened fas fa-caret-up\"><\/i><\/span>\n\t\t\t\t\t\t\t\t\t\t\t\t\t<\/span>\n\t\t\t\t\t\t\t\t\t\t\t\t<a class=\"elementor-toggle-title\" tabindex=\"0\">Mit\u00e4 s\u00e4\u00e4nn\u00f6ksi\u00e4 moottorikelkkailussa on?<\/a>\n\t\t\t\t\t<\/div>\n\n\t\t\t\t\t<div id=\"elementor-tab-content-5676\" class=\"elementor-tab-content elementor-clearfix\" data-tab=\"6\" role=\"region\" aria-labelledby=\"elementor-tab-title-5676\"><p data-prosemirror-content-type=\"node\" data-prosemirror-node-name=\"paragraph\" data-prosemirror-node-block=\"true\">T\u00e4rkeimm\u00e4t kelkkailua ohjaavat s\u00e4\u00e4nn\u00f6kset l\u00f6ytyv\u00e4t tieliikennelaista, maastoliikennelaista ja maastoliikenneasetuksesta.<\/p><p><strong>Kyp\u00e4r\u00e4 on kelkkailijan t\u00e4rkein turvav\u00e4line ja siksi se on m\u00e4\u00e4r\u00e4tty pakolliseksi kuljettajalle ja kelkan kyydiss\u00e4 olevalle matkustajalle.<\/strong><\/p><p>Kuljettajan on huolehdittava, ett\u00e4 alle 15 vuotias lapsi k\u00e4ytt\u00e4\u00e4 suojakyp\u00e4r\u00e4\u00e4. Kyp\u00e4r\u00e4nk\u00e4ytt\u00f6pakko koskee my\u00f6s avonaisessa reess\u00e4 matkustavia. Suojakyp\u00e4r\u00e4n k\u00e4ytt\u00f6velvollisuus ei kuitenkaan koske moottorikelkan eik\u00e4 raskaan moottorikelkan avonaisessa per\u00e4vaunussa olevia matkustajia silloin, kun k\u00e4ytett\u00e4v\u00e4 ajonopeus on enint\u00e4\u00e4n 20 kilometri\u00e4 tunnissa ja t\u00e4m\u00e4 on osoitettu 102 \u00a7:ss\u00e4 tarkoitetulla nopeuskilvell\u00e4.<\/p><p><strong>Moottorikelkkailua koskevat nopeusrajoitukset:<br \/><\/strong><\/p><ul><li>moottorikelkan suurin sallittu nopeus maastossa maa-alueella on enint\u00e4\u00e4n <strong>60 km\/h<\/strong><\/li><li>poikkeustapauksessa tiell\u00e4 ajettaessa enint\u00e4\u00e4n <strong>40 km\/h<\/strong><\/li><li>j\u00e4\u00e4peitteisell\u00e4 vesialueella nopeus on enint\u00e4\u00e4n <strong>80 km\/h,<\/strong> kuitenkin reitill\u00e4 <strong>60 km\/h\u00a0<\/strong><\/li><li>jos kelkkaan on kytketty reki, jossa kuljetaan henkil\u00f6it\u00e4, on suurin sallittu nopeus <strong>40 km\/h.<br \/><br \/><\/strong><\/li><\/ul><p><strong>Rattijuopumuss\u00e4\u00e4nn\u00f6kset koskevat my\u00f6s moottorikelkkailijaa, maastossakin:<\/strong><\/p><ul><li>Rattijuopumuksen raja on <strong>0,5 promillea.<\/strong> <\/li><li>T\u00f6rke\u00e4n rattijuopumuksen raja on <strong>1,2 promillea<\/strong> <strong>alkoholia veress\u00e4. <\/strong><\/li><li>Rattijuopumuksesta koituvat seuraamukset ovat samanlaiset kuin muussakin liikenteess\u00e4.<\/li><\/ul><\/div>\n\t\t\t\t<\/div>\n\t\t\t\t\t\t\t\t<\/div>\n\t\t\t\t\t\t<\/div>\n\t\t\t\t<\/div>\n\t\t\t\t\t<\/div>\n\t\t<\/div>\n\t\t\t\t\t<\/div>\n\t\t<\/section>\n\t\t\t\t\t<\/div>\n\t\t<\/div>\n\t\t\t\t\t<\/div>\n\t\t<\/section>\n\t\t\t\t<\/div>\n\t\t","protected":false},"excerpt":{"rendered":"<p>Usein Kysytyt Kysymykset Tarvitseeko moottorikelkan vuokraamiseen ajokortin? Kyll\u00e4, tarvitset moottorikelkalla ajamiseen ajokortin. Hyv\u00e4ksytt\u00e4v\u00e4t kortit ovat T-ajokortti (traktorikortti) tai aiemmin saatu ajo-oikeus (A- tai B-kortti). Kuinka pitk\u00e4ksi aikaa kelkan voi vuokrata? Kelkanvuokraus onnistuu tunneittain, p\u00e4iv\u00e4ksi tai jopa viikoksi.Tunneittain vuokraus onnistuu suoraan varauskoneesta, pidemm\u00e4t vuokraukset s\u00e4hk\u00f6postilla info@polareyllas.fi Sis\u00e4ltyyk\u00f6 varusteet vuokraan? Varusteet eiv\u00e4t sis\u00e4lly vuokraan. Varustepaketin voitte varata [&hellip;]<\/p>\n","protected":false},"author":1,"featured_media":0,"parent":0,"menu_order":0,"comment_status":"closed","ping_status":"closed","template":"elementor_header_footer","meta":{"_acf_changed":false,"footnotes":""},"class_list":["post-3847","page","type-page","status-publish","hentry"],"acf":[],"_links":{"self":[{"href":"https:\/\/cafepasila.fi\/en\/wp-json\/wp\/v2\/pages\/3847","targetHints":{"allow":["GET"]}}],"collection":[{"href":"https:\/\/cafepasila.fi\/en\/wp-json\/wp\/v2\/pages"}],"about":[{"href":"https:\/\/cafepasila.fi\/en\/wp-json\/wp\/v2\/types\/page"}],"author":[{"embeddable":true,"href":"https:\/\/cafepasila.fi\/en\/wp-json\/wp\/v2\/users\/1"}],"replies":[{"embeddable":true,"href":"https:\/\/cafepasila.fi\/en\/wp-json\/wp\/v2\/comments?post=3847"}],"version-history":[{"count":25,"href":"https:\/\/cafepasila.fi\/en\/wp-json\/wp\/v2\/pages\/3847\/revisions"}],"predecessor-version":[{"id":3890,"href":"https:\/\/cafepasila.fi\/en\/wp-json\/wp\/v2\/pages\/3847\/revisions\/3890"}],"wp:attachment":[{"href":"https:\/\/cafepasila.fi\/en\/wp-json\/wp\/v2\/media?parent=3847"}],"curies":[{"name":"wp","href":"https:\/\/api.w.org\/{rel}","templated":true}]}}